{"id":5251,"date":"2021-01-17T21:06:38","date_gmt":"2021-01-17T19:06:38","guid":{"rendered":"http:\/\/riddaren24.se\/?page_id=5251"},"modified":"2022-06-03T00:37:58","modified_gmt":"2022-06-02T22:37:58","slug":"renovering-15-garden-aldre-anteckningar","status":"publish","type":"page","link":"http:\/\/riddaren24.se\/?page_id=5251","title":{"rendered":"Renovering 15-g\u00e5rden &#8211; \u00e4ldre anteckningar"},"content":{"rendered":"\r\n<p>Den h\u00e4r sidan inneh\u00e5ller gamla anteckningar f\u00f6r att man ska kunna se historiken, f\u00f6r den senaste informationen, <a href=\"http:\/\/riddaren24.se\/?page_id=4590\">se denna sida<\/a>.<\/p>\r\n<p>Det finns flera orsaker till att 15-g\u00e5rden beh\u00f6ver upprustas:<\/p>\r\n<ul>\r\n<li>M\u00f6jlighet att sk\u00f6ta drift utifr\u00e5n underh\u00e5llsplan och upprustade g\u00e5rdar.<\/li>\r\n<li>En l\u00e5ngsiktig l\u00f6sning f\u00f6r att hindra att dagvattenbrunnen s\u00e4tts igen<\/li>\r\n<li>Bortfr\u00e4sandet av almstubben som kommer ge ett stort avtryck (det \u00e4r ca 8 ton flis i den), dock risk f\u00f6r ytterligare skadedjur om vi inte g\u00f6r det.<\/li>\r\n<li>Byte av de p\u00e5lar\/rundlar som idag utg\u00f6r sarg p\u00e5 sandl\u00e5da och lekplats d\u00e5 m\u00e5nga \u00e4r murkna<\/li>\r\n<li>Det faktum att om\/n\u00e4r vi b\u00f6rjar \u00e4ndra i n\u00e5got \u00e4r vi tvungna att titta p\u00e5 att allt uppfyller de regler p\u00e5 bland annat tillg\u00e4nglighet som g\u00e4ller 2022.<\/li>\r\n<\/ul>\r\n<div>\u00a0<\/div>\r\n<div>Intressegruppen gick tidigt v\u00e5ren 2020 ut med en enk\u00e4t till de boende i 15-huset och sammanst\u00e4llde den i dokumentet l\u00e4nkat h\u00e4r<strong>:<a href=\"http:\/\/riddaren24.se\/wp-content\/uploads\/2021\/01\/15-garden-sammanstallning-enkat.pdf\">15-g\u00e5rden &#8211; sammanst\u00e4llning enk\u00e4t<\/a>.<\/strong> Dokumentet ger en v\u00e4ldigt bra sammanst\u00e4llning av olika \u00f6nskem\u00e5l boende runt g\u00e5rden har och hur olika man v\u00e4rderar vissa saker.<\/div>\r\n<h3>Plan enligt 22-03-27<\/h3>\r\n<div>\r\n<ul>\r\n<li><a href=\"http:\/\/riddaren24.se\/wp-content\/uploads\/2022\/05\/15-garden_planering_3-1.pptx\">Powerpoint med info <strong>H\u00c4R<\/strong><\/a><\/li>\r\n<li>Vi r\u00e4knar inte med att \u00e4ndra i designen av\u00a0g\u00e5rden<\/li>\r\n<li>Flytt av sopsugen som idag sitter p\u00e5 kortv\u00e4ggen vid 15 A, ist\u00e4llet blir det en frist\u00e5ende sopsug vid kanten av avsatsen i trappan. Detta kommer resultera i att hela den sl\u00e4nten beh\u00f6ver gr\u00e4vas ut och de buskar som \u00e4r d\u00e4r idag kommer ers\u00e4ttas (vilket \u00e4nd\u00e5 planerades f\u00f6r).<\/li>\r\n<li>Ta bort stubben och tr\u00e4d\u00e4ck. Om m\u00f6jligt g\u00f6ra en skiva att g\u00f6ra ett bord av.<\/li>\r\n<li>\u00c5terst\u00e4lla marken\/montera markplattor (planen \u00e4r att anv\u00e4nda de markplattor vi sparat fr\u00e5n andra arbeten)<\/li>\r\n<li>Flyttbar sittgrupp d\u00e4r stubben\/tr\u00e4d\u00e4ck finns idag<\/li>\r\n<li>Ta bort allt n\u00e4tstaket. Om m\u00f6jligt ocks\u00e5 i rundeln och ers\u00e4tta med lite h\u00f6gre tr\u00e4staket \u00e4n vi har idag (med spj\u00e4lorna p\u00e5 insidan av nuvarande eventuellt), p\u00e5larna vid rundeln f\u00e5r ocks\u00e5 vara kvar just nu, trots att de \u00e4r i d\u00e5ligt skick.<\/li>\r\n<li>Ta bort de pollare\/skubbstubbar som finns runt sand-ytan och sandl\u00e5dan, hur de \u00e4r f\u00e4sta i marken \u00e5terst\u00e5r att se. Ers\u00e4tta kanten mot plattorna med liggande sarg\/stockar. F\u00f6lja rundade formerna som finns idag om m\u00f6ligt.<\/li>\r\n<li>Ny sandl\u00e5da\/planering f\u00f6r sandl\u00e5da med sarg (f\u00f6r att minska m\u00e4ngden sand som kommer utanf\u00f6r), rundade former om m\u00f6jligt<\/li>\r\n<li>Anl\u00e4ggning av tre nya tr\u00e4dgropar vid\/ner mot rundeln f\u00f6r plantering av tr\u00e4d<\/li>\r\n<li>R\u00e4knar med att beh\u00e5lla sanden vid lekplatsen<\/li>\r\n<li>vi ska jobba p\u00e5 att f\u00e5 mer f\u00e4rg p\u00e5 g\u00e5rden \u00e5ret om, dvs fler perenner etc.<\/li>\r\n<li>Beh\u00e5lla de fasta b\u00e4nkar och bord som finns<\/li>\r\n<li>Fixa n\u00e5gon slags kant ner vid rundeln mot brunnen, f\u00f6r att stoppa sand fr\u00e5n att rinna ner<\/li>\r\n<li>Finns taggbuskar uppe vid r\u00e4cket som b\u00f6r kommer tas bort (bytas ut)<\/li>\r\n<li>Planeras f\u00f6r att f\u00f6rt\u00e4ta och f\u00f6rb\u00e4ttra v\u00e4xtligheten p\u00e5 olika platser p\u00e5 g\u00e5rden.<\/li>\r\n<\/ul>\r\n<\/div>\r\n<p>&nbsp;<\/p>\r\n<p><strong>Uppdatering 21-12-10<\/strong><\/p>\r\n<ul>\r\n<li>Ta bort stubben och tr\u00e4d\u00e4ck (flera \u00e5sikter har kommit om att det kan vara sv\u00e5rt att f\u00e5 en eventuell skiva av stubben att h\u00e5lla som bord, s\u00e5 vi f\u00e5r se om det blir n\u00e5got av den id\u00e9n med andra ord)<\/li>\r\n<li>Ta bort allt n\u00e4tstaket f\u00f6rutom runt rundeln<\/li>\r\n<li>Ta bort de pollare\/skubbstubbar som finns runt sand-ytan, hur de \u00e4r f\u00e4sta i marken \u00e5terst\u00e5r att se<\/li>\r\n<li>Ny sandl\u00e5da\/planering f\u00f6r sandl\u00e5da med sarg<\/li>\r\n<li>\u00c5terst\u00e4lla marken\/montera markplattor (planen \u00e4r att anv\u00e4nda de markplattor vi sparat fr\u00e5n andra arbeten), det noterades att marken d\u00e4r ju kommer slutta precis som det g\u00f6r runtomkring, s\u00e5 ytan kommer inte bli helt plan. Vad kan d\u00e5 vara intressant att ha d\u00e4r?<\/li>\r\n<li>Anl\u00e4ggning av tre nya tr\u00e4dgropar vid\/ner mot rundeln f\u00f6r plantering av tr\u00e4d<\/li>\r\n<li>Vi g\u00f6r inget \u00e5t cykelst\u00e4llen, en ekonomifr\u00e5ga<\/li>\r\n<li>Vi asfalterar inte om, bed\u00f6ms att asfalten kommer h\u00e5lla m\u00e5nga \u00e5r till<\/li>\r\n<\/ul>\r\n<p>&nbsp;<\/p>\r\n<p><strong>Uppdatering 21-09-17<\/strong><\/p>\r\n<ul>\r\n<li>Vi tar in offerter nu f\u00f6r olika delar, s\u00e5 vi vet vad vi v\u00e4ljer mellan och f\u00e5r mer detaljerad kostnad f\u00f6r olika saker<\/li>\r\n<li>Vi r\u00e4knar inte med att \u00e4ndra i designen av\u00a0g\u00e5rden<\/li>\r\n<li>vi ska jobba p\u00e5 att f\u00e5 mer f\u00e4rg p\u00e5 g\u00e5rden \u00e5ret om, dvs fler perenner etc.<\/li>\r\n<li>R\u00e4knar med att beh\u00e5lla sanden vid lekplatsen<\/li>\r\n<li>Uppe runt lekplats och sandl\u00e5da tar vi bort alla murkna tr\u00e4fundament\/p\u00e5lar och s\u00e4tter dit en ny sandl\u00e5da med ordentlig sarg (f\u00f6r att minska m\u00e4ngden sand som kommer utanf\u00f6r)<\/li>\r\n<li>Vi tar bort almstubben\u00a0med r\u00f6tter\u00a0och tr\u00e4d\u00e4cket runt den (vi har f\u00e5tt rekommendation om det fr\u00e5n mer \u00e4n ett h\u00e5ll och vi kan inte riskera att det blir ett tillh\u00e5ll f\u00f6r r\u00e5ttor) och kan l\u00e4gga dit av gatstenen,<\/li>\r\n<li>G\u00f6ra bordsskivor av en del av stubben och st\u00e4lla dit de borden och flyttbara soffor vid den plats almen stod p\u00e5<\/li>\r\n<li>Tar bort n\u00e4tstaketet, f\u00f6rutom halvcirkeln vid rundeln som f\u00e5r vara kvar. P\u00e5larna vid rundeln f\u00e5r ocks\u00e5 vara kvar just nu, trots att de \u00e4r i d\u00e5ligt skick.<\/li>\r\n<li>Beh\u00e5lla de fasta b\u00e4nkar och bord som finns, om de \u00e4r i tillr\u00e4ckligt bra skick (i s\u00e5 fall rusta upp tr\u00e4et)<\/li>\r\n<li>Fixa n\u00e5gon slags kant ner vid rundeln mot brunnen, f\u00f6r att stoppa sand fr\u00e5n att rinna ner<\/li>\r\n<li>Vi kommer beh\u00f6va asfaltera och b\u00f6r ta in kostnadsf\u00f6rslag, beh\u00f6ver sedan samarbeta med BRF Almen s\u00e5 att deras ytor asfalteras samtidigt. Kommer ta en del tid och vi b\u00f6r inte r\u00e4kna med att det h\u00e4nder n\u00e5gon g\u00e5ng snart. (De \u00e4r medvetna om att r\u00e5ttor finns och trivs under deras altaner.)<\/li>\r\n<li>Finns taggbuskar uppe vid r\u00e4cket som b\u00f6r tas bort (bytas ut)<\/li>\r\n<li>Ta in f\u00f6rslag fr\u00e5n Tv\u00e5 Sm\u00e5l\u00e4nningar p\u00e5 kostnad f\u00f6r att t\u00e4ta till planteringarna d\u00e4r det \u00e4r glest idag<\/li>\r\n<li>Ta in f\u00f6rslag p\u00e5 nya v\u00e4xter vid rabatten och h\u00f6rnet vid 15 F (enligt Tv\u00e5 Sm\u00e5l\u00e4nnningar\u00a0\u00e4r rabatten r\u00e5ttangripen)<\/li>\r\n<li>Ta in offert kring att dra om elen, den ser vid vissa lampstolpar ut som att den beh\u00f6ver bytas<\/li>\r\n<li>Ut\u00f6ka ytan f\u00f6r cykelst\u00e4ll vid 15 D och 15 C s\u00e5 de f\u00e5r skydd av balkongerna ovanf\u00f6r, ta bort r\u00e4cket d\u00e4r<\/li>\r\n<li>\u00d6ppna upp toaletten som finns vid 15 C, eventuellt ocks\u00e5 anv\u00e4nda det f\u00f6rr\u00e5d som finns d\u00e4r till f\u00f6rvaring av m\u00e5l och annat om man k\u00f6per in det.<\/li>\r\n<\/ul>\r\n<p>&nbsp;<\/p>\r\n<p>Saker som diskuterats tidigare, d\u00e4r beslut inte \u00e4r taget \u00e4nnu:<\/p>\r\n<ul>\r\n<li>N\u00e5gon slags g\u00e5ng p\u00e5 h\u00f6ger sida av pilen fr\u00e5n oss sett, ner till uteplatsen. Lika sj\u00e4lvklart som det \u00e4r f\u00f6r vissa att den uteplatsen ser ut att tillh\u00f6ra BRF Almen, lika sj\u00e4lvklart \u00e4r det f\u00f6r andra att det \u00e4r v\u00e5r uteplats. (f\u00f6r de som inte vet s\u00e5 \u00e4r hela g\u00e5rden fram till ca 3 meter ut fr\u00e5n andra f\u00f6reningen v\u00e5r, de har i stort sett fram till kanten av sina terrasser och lite till).<\/li>\r\n<li>Eluttag p\u00e5 lyktstolparna f\u00f6r att m\u00f6jligg\u00f6ra elgrillning. \u00d6nskem\u00e5l har f\u00f6rts fram fr\u00e5n boende vid 15 G att inte till\u00e5ta grillning vid den &#8221;runda&#8221; uteplats som finns nedanf\u00f6r dem, d\u00e5 de tycker det \u00e4r f\u00f6r smalt d\u00e4r och mycket os skulle komma in deras l\u00e4genheter.<\/li>\r\n<li>\u00a0F\u00f6rslag har kommit upp p\u00e5 att ha en liten dunge med tr\u00e4d d\u00e4r almen tidigare st\u00e5tt, andra tycker om g\u00e5rden utan tr\u00e4d d\u00e4r och tycker det blivit mycket ljusare nu, v\u00e4rt att fundera p\u00e5 om vi ska g\u00f6ra en enk\u00e4t om detta. (Lika h\u00f6ga tr\u00e4d som almen f\u00e5r man inte ha l\u00e4ngre, kan ju vara bra att veta.)<\/li>\r\n<li>Flyttbara m\u00f6bler snarare \u00e4n fasta m\u00f6bler!<\/li>\r\n<li>I och med att vi bygger om vid 15 A planerar vi ju att flytta sopnedkastet vid gaveln d\u00e4r. Vi har f\u00e5tt godk\u00e4nt av samf\u00e4lligheten som \u00e4ger sopsugen och BRF Almen, som anv\u00e4nder det sopnedkastet, har st\u00e4llt sig positiva till att sopnedkastet flyttas till andra sidan g\u00e5ngen (blir i s\u00e5 fall en liknande pelare som 15G).<\/li>\r\n<li>I och med att Stockholms stad inte l\u00e4ngre har f\u00f6rskola i 15-huset \u00e4r det f\u00f6reningens barn vi ska ha \u00e5tanke i f\u00f6rsta hand. Vi hade lite andra infallsvinklar n\u00e4r g\u00e5rden\/lekytan skulle vara vettig f\u00f6r en 15-20 barn som skulle kunna \u00e4ta mellanm\u00e5l ute samtidigt.<\/li>\r\n<\/ul>\r\n<h3><em>Uppdatering 210117:<\/em><\/h3>\r\n<p>Efter att ha f\u00e5tt in en del feedback sedan senaste uppdateringen och g\u00e5tt runt p\u00e5 g\u00e5rden 16 januari \u00e4r nedanst\u00e5ende just nu senaste feedback till arktiekten. <a href=\"http:\/\/riddaren24.se\/wp-content\/uploads\/2021\/01\/Anteckningar-15-garden-210116.pdf\">Finns ocks\u00e5 som pdf h\u00e4r.<\/a><\/p>\r\n<p>Kom g\u00e4rna med input till styrelsen senast 22 januari, <a href=\"mailto:styrelsen.riddarsporren24@gmail.com\" target=\"_blank\" rel=\"noopener noreferrer\">styrelsen.riddarsporren24@<wbr \/>gmail.com<\/a>.<\/p>\r\n<p><img loading=\"lazy\" decoding=\"async\" class=\"alignnone size-full wp-image-5283\" src=\"http:\/\/riddaren24.se\/wp-content\/uploads\/2021\/01\/Anteckningar-15-garden-210116_sid-1..png\" alt=\"\" width=\"1020\" height=\"1320\" srcset=\"http:\/\/riddaren24.se\/wp-content\/uploads\/2021\/01\/Anteckningar-15-garden-210116_sid-1..png 1020w, http:\/\/riddaren24.se\/wp-content\/uploads\/2021\/01\/Anteckningar-15-garden-210116_sid-1.-232x300.png 232w, http:\/\/riddaren24.se\/wp-content\/uploads\/2021\/01\/Anteckningar-15-garden-210116_sid-1.-791x1024.png 791w, http:\/\/riddaren24.se\/wp-content\/uploads\/2021\/01\/Anteckningar-15-garden-210116_sid-1.-768x994.png 768w, http:\/\/riddaren24.se\/wp-content\/uploads\/2021\/01\/Anteckningar-15-garden-210116_sid-1.-750x971.png 750w\" sizes=\"auto, (max-width: 1020px) 100vw, 1020px\" \/><\/p>\r\n<p><img loading=\"lazy\" decoding=\"async\" class=\"alignnone size-full wp-image-5264\" src=\"http:\/\/riddaren24.se\/wp-content\/uploads\/2021\/01\/Anteckningar-15-garden-210116_sid-2.png\" alt=\"\" width=\"992\" height=\"1403\" srcset=\"http:\/\/riddaren24.se\/wp-content\/uploads\/2021\/01\/Anteckningar-15-garden-210116_sid-2.png 992w, http:\/\/riddaren24.se\/wp-content\/uploads\/2021\/01\/Anteckningar-15-garden-210116_sid-2-212x300.png 212w, http:\/\/riddaren24.se\/wp-content\/uploads\/2021\/01\/Anteckningar-15-garden-210116_sid-2-724x1024.png 724w, http:\/\/riddaren24.se\/wp-content\/uploads\/2021\/01\/Anteckningar-15-garden-210116_sid-2-768x1086.png 768w, http:\/\/riddaren24.se\/wp-content\/uploads\/2021\/01\/Anteckningar-15-garden-210116_sid-2-750x1061.png 750w\" sizes=\"auto, (max-width: 992px) 100vw, 992px\" \/><\/p>\r\n<p><img loading=\"lazy\" decoding=\"async\" class=\"alignnone size-full wp-image-5265\" src=\"http:\/\/riddaren24.se\/wp-content\/uploads\/2021\/01\/Anteckningar-15-garden-210116_sid-3.png\" alt=\"\" width=\"992\" height=\"1403\" srcset=\"http:\/\/riddaren24.se\/wp-content\/uploads\/2021\/01\/Anteckningar-15-garden-210116_sid-3.png 992w, http:\/\/riddaren24.se\/wp-content\/uploads\/2021\/01\/Anteckningar-15-garden-210116_sid-3-212x300.png 212w, http:\/\/riddaren24.se\/wp-content\/uploads\/2021\/01\/Anteckningar-15-garden-210116_sid-3-724x1024.png 724w, http:\/\/riddaren24.se\/wp-content\/uploads\/2021\/01\/Anteckningar-15-garden-210116_sid-3-768x1086.png 768w, http:\/\/riddaren24.se\/wp-content\/uploads\/2021\/01\/Anteckningar-15-garden-210116_sid-3-750x1061.png 750w\" sizes=\"auto, (max-width: 992px) 100vw, 992px\" \/><\/p>\r\n<p><img loading=\"lazy\" decoding=\"async\" class=\"alignnone size-full wp-image-5266\" src=\"http:\/\/riddaren24.se\/wp-content\/uploads\/2021\/01\/Anteckningar-15-garden-210116_sid-4.png\" alt=\"\" width=\"992\" height=\"1403\" srcset=\"http:\/\/riddaren24.se\/wp-content\/uploads\/2021\/01\/Anteckningar-15-garden-210116_sid-4.png 992w, http:\/\/riddaren24.se\/wp-content\/uploads\/2021\/01\/Anteckningar-15-garden-210116_sid-4-212x300.png 212w, http:\/\/riddaren24.se\/wp-content\/uploads\/2021\/01\/Anteckningar-15-garden-210116_sid-4-724x1024.png 724w, http:\/\/riddaren24.se\/wp-content\/uploads\/2021\/01\/Anteckningar-15-garden-210116_sid-4-768x1086.png 768w, http:\/\/riddaren24.se\/wp-content\/uploads\/2021\/01\/Anteckningar-15-garden-210116_sid-4-750x1061.png 750w\" sizes=\"auto, (max-width: 992px) 100vw, 992px\" \/><\/p>\r\n<p><img loading=\"lazy\" decoding=\"async\" class=\"alignnone size-full wp-image-5267\" src=\"http:\/\/riddaren24.se\/wp-content\/uploads\/2021\/01\/Anteckningar-15-garden-210116_sid-5.png\" alt=\"\" width=\"992\" height=\"1403\" srcset=\"http:\/\/riddaren24.se\/wp-content\/uploads\/2021\/01\/Anteckningar-15-garden-210116_sid-5.png 992w, http:\/\/riddaren24.se\/wp-content\/uploads\/2021\/01\/Anteckningar-15-garden-210116_sid-5-212x300.png 212w, http:\/\/riddaren24.se\/wp-content\/uploads\/2021\/01\/Anteckningar-15-garden-210116_sid-5-724x1024.png 724w, http:\/\/riddaren24.se\/wp-content\/uploads\/2021\/01\/Anteckningar-15-garden-210116_sid-5-768x1086.png 768w, http:\/\/riddaren24.se\/wp-content\/uploads\/2021\/01\/Anteckningar-15-garden-210116_sid-5-750x1061.png 750w\" sizes=\"auto, (max-width: 992px) 100vw, 992px\" \/><\/p>\r\n<p>&nbsp;<\/p>\r\n\r\n\r\n\r\n<h3 class=\"wp-block-heading\"><em>Uppdatering 210112:<\/em><\/h3>\r\n\r\n\r\n\r\n<p>Senaste status kring 15-g\u00e5rden \u00e4r att ge feedback p\u00e5 den ritning (<strong><a href=\"http:\/\/riddaren24.se\/wp-content\/uploads\/2021\/01\/Riddarsporren_15_illu_201216.pdf\">pdf h\u00e4r<\/a><\/strong>) som kom innan jul och som nu b\u00f6r bli sista eller n\u00e4st sista versionen innan mer detaljerad projektering och senare upphandling, se ritning nedan (samma som pdf). Observera att detta INTE \u00e4r den slutgiltiga ritningen och vi tar g\u00e4rna emot input om vad ni tycker \u00e4r bra med den och som vi d\u00e4rmed b\u00f6r titta p\u00e5 att beh\u00e5lla (ni kan skicka till styrelsemailen, <a href=\"mailto:styrelsen.riddarsporren24@gmail.com\">styrelsen.riddarsporren24@gmail.com<\/a>, har ni skickat till intressegruppen redan s\u00e5 g\u00e5r det lika bra). Vi siktar p\u00e5 att ge feedback till landskapsarkitekten strax efter styrelsem\u00f6tet 19 januari.<\/p>\r\n\r\n\r\n\r\n<p>Ut\u00f6ver medlemmar fr\u00e5n 15-g\u00e5rden har vi ocks\u00e5 med styrelsemedlemmar som var med och drev renoveringen av 17-g\u00e5rden f\u00f6r att p\u00e5 b\u00e4sta s\u00e4tt kunna dra nytta av de l\u00e4rdomar vi fick d\u00e4r. Det \u00e4r \u00a0ocks\u00e5 mycket dialog med den intressegrupp som finns och som har kommit med mycket input till den ritning som nu ligger p\u00e5 bordet.<\/p>\r\n\r\n\r\n\r\n<p>Vissa tankar just nu:<\/p>\r\n\r\n\r\n\r\n<ul class=\"wp-block-list\">\r\n<li>Vi planerar att \u00e5teranv\u00e4nda de stenplattor som g\u00e5r fr\u00e5n torg-renoveringen och har sparat undan ett ganska stort antal av de som tagits bort men \u00e4r i fint skick. Vi f\u00f6rst\u00e5r att vissa kanske kan ha \u00e5sikter om detta om dessa plattor skiljer sig fr\u00e5n \u00f6vriga p\u00e5 15-g\u00e5rden utseendem\u00e4ssigt, men det \u00e4r en ganska stor kostnad att k\u00f6pa nya s\u00e5 vi tycker att detta \u00e4r det b\u00e4sta valet milj\u00f6m\u00e4ssigt och ekonomiskt sett.<\/li>\r\n<li>De befintliga b\u00e4nkar som \u00e4r i fint skick planerar vi att renovera och \u00e5ter st\u00e4lla ut. N\u00e5got vi kan tacka Tor Abrahamsson i styrelsen f\u00f6r d\u00e5 han erbjudit sig att g\u00f6ra detta i v\u00e5rt snickarrum vilket g\u00f6r att det sker till en l\u00e5g kostnad f\u00f6r f\u00f6reningen. Om n\u00e5gon \u00e4r intresserad av att hj\u00e4lpa till tas hj\u00e4lp tacksamt emot! Att leja ut detta arbete blir i stort sett lika dyrt, om inte dyrare, som att k\u00f6pa nya.<\/li>\r\n<li>Intressegruppen kom med f\u00f6rslaget till en soltrappa f\u00f6r vuxna och den som finns utritad bygger p\u00e5 den bild som arkitekten fick se f\u00f6r detta. Tanken med den som \u00e4r utritad \u00e4r att den ocks\u00e5 kan vara till f\u00f6r f\u00f6rskolans barn att t ex sitta och \u00e4ta mellanm\u00e5l p\u00e5, det d\u00e4ck som \u00e4r runt tr\u00e4det p\u00e5 lekplatsen \u00e4r ist\u00e4llet mindre \u00e4n idag f\u00f6r att g\u00f6ra mer plats f\u00f6r lek.\r\n<ul>\r\n<li>Funderingarna just nu \u00e4r om det \u00e4r b\u00e4ttre att inte ha soltrappan alls utan ist\u00e4llet ha b\u00e4nkar i sl\u00e4nten och kanske en ny &#8221;vanlig&#8221; uteplats n\u00e4rmare trappan mot garaget, vid den nya stigen. Mindre risk f\u00f6r r\u00e5tthotell och troligtvis ocks\u00e5 en billigare l\u00f6sning?<\/li>\r\n<li>Ist\u00e4llet f\u00f6r d\u00e4ck runt tr\u00e4det (nr 2) p\u00e5 lekplatsen ha b\u00e4nk runt liknande den kring pilen (nr 8), ocks\u00e5 f\u00f6r att minska risken f\u00f6r r\u00e5tthotell?<\/li>\r\n<\/ul>\r\n<\/li>\r\n<li>Det planeras lite mer cykelparkering, med balkonger ovanf\u00f6r som tak\/skydd<\/li>\r\n<li>En hel del nya planteringar, m\u00e5nga p\u00e5 f\u00f6rslag fr\u00e5n intressegruppen. 2Sm\u00e5l\u00e4nningar har ocks\u00e5 tidigare kommit med f\u00f6rslag kring v\u00e4xtligheten p\u00e5 g\u00e5rden, men d\u00e4r vi valt att v\u00e4nta p\u00e5 renoveringen ist\u00e4llet f\u00f6r att \u00e5tg\u00e4rda det tidigare. M\u00e5nga nya perenner f\u00f6r att kunna h\u00e5lla g\u00e5rden gr\u00f6nskande en stor del av \u00e5ret.<\/li>\r\n<li>Den stora stubben efter almen kommer fr\u00e4sas bort och nytt tr\u00e4d planteras. Man f\u00e5r ej l\u00e4ngre ha s\u00e5 h\u00f6ga tr\u00e4d som almen var men det kommer bli ett fullstort tr\u00e4d p\u00e5 platsen s\u00e5 sm\u00e5ningom.<\/li>\r\n<li>\u201dRundeln\u201d bredvid lekplatsen har p\u00e5 den h\u00e4r ritningen gjorts st\u00f6rre, f\u00f6r stor? Eller b\u00e4ttre storlek \u00e4n den vi har nu?<\/li>\r\n<li>Ny belysning, en del med eluttag s\u00e5 att man kan anv\u00e4nda elgrill<\/li>\r\n<li>Det finns staket utritat kring lekplatsen p\u00e5 ritningen (det r\u00f6da), d\u00e4r t\u00e4nker vi oss vissa f\u00f6r\u00e4ndringar j\u00e4mf\u00f6rt med hur den ser ut, men det beror ocks\u00e5 p\u00e5 framtida diskussioner med f\u00f6rskolan. De staket som idag finns vid sandl\u00e5dan betalades av f\u00f6rskolan och var t\u00e4nkt att finnas kvar till renoveringen av g\u00e5rden. Tanken projektgruppen har \u00e4r att staket inte beh\u00f6vs f\u00f6r f\u00f6reningens medlemmar, nu n\u00e4r grindar finns p\u00e5 plats \u00e4r det l\u00e5g risk att v\u00e5ra barn springer bort fr\u00e5n g\u00e5rden men att det mer kan vara behj\u00e4lpligt f\u00f6r f\u00f6rskolan och d\u00e4r kostnaden f\u00f6r ett eventuellt staket d\u00e4rmed inte ska belasta f\u00f6reningen.<\/li>\r\n<li>F\u00f6rs\u00f6ka se om vi f\u00e5r in en sittgrupp med bord vid nr 5\/6, ist\u00e4llet f\u00f6r den b\u00e4nk+bord som \u00e4r inritad?<\/li>\r\n<li>\u00c4r det v\u00e4rt att l\u00e4gga pengarna p\u00e5 en \u201dfinish\u201d p\u00e5 tr\u00e4m\u00f6blerna som g\u00f6r att de ser ut att ha patina fr\u00e5n b\u00f6rjan? Att de ser n\u00e5got \u00e5ldrade ut fr\u00e5n b\u00f6rjan ist\u00e4llet f\u00f6r nya som inte kommer ha patina f\u00f6rr\u00e4n om n\u00e5gra \u00e5r?<\/li>\r\n<li>Viktigt att underarbetet blir r\u00e4tt, framf\u00f6rallt ned mot grannf\u00f6reningen f\u00f6r att slippa de problem med igensatta dagvattenbrunnar vi haft med stora kostnader f\u00f6r rensning som f\u00f6ljd. Ny (l\u00e5g) mur inplanerad mot grannf\u00f6reningen.<\/li>\r\n<li>Grannf\u00f6reningen planerar just nu f\u00f6r att renovera sin del samtidigt som oss, bland annat att st\u00e4lla dit fler cykelst\u00e4ll och ocks\u00e5 viss \u00f6versyn av v\u00e4xtligheten och uteplatserna l\u00e4ngs fasaden.<\/li>\r\n<\/ul>\r\n\r\n\r\n\r\n<figure class=\"wp-block-image\"><img loading=\"lazy\" decoding=\"async\" width=\"1191\" height=\"842\" class=\"wp-image-5237\" src=\"http:\/\/riddaren24.se\/wp-content\/uploads\/2021\/01\/Ritning-15-garden.png\" alt=\"\" srcset=\"http:\/\/riddaren24.se\/wp-content\/uploads\/2021\/01\/Ritning-15-garden.png 1191w, http:\/\/riddaren24.se\/wp-content\/uploads\/2021\/01\/Ritning-15-garden-300x212.png 300w, http:\/\/riddaren24.se\/wp-content\/uploads\/2021\/01\/Ritning-15-garden-1024x724.png 1024w, http:\/\/riddaren24.se\/wp-content\/uploads\/2021\/01\/Ritning-15-garden-768x543.png 768w, http:\/\/riddaren24.se\/wp-content\/uploads\/2021\/01\/Ritning-15-garden-750x530.png 750w\" sizes=\"auto, (max-width: 1191px) 100vw, 1191px\" \/><\/figure>\r\n\r\n\r\n\r\n<figure class=\"wp-block-image\"><img loading=\"lazy\" decoding=\"async\" width=\"1191\" height=\"842\" class=\"wp-image-5236\" src=\"http:\/\/riddaren24.se\/wp-content\/uploads\/2021\/01\/Moblering-15-garden.png\" alt=\"\" srcset=\"http:\/\/riddaren24.se\/wp-content\/uploads\/2021\/01\/Moblering-15-garden.png 1191w, http:\/\/riddaren24.se\/wp-content\/uploads\/2021\/01\/Moblering-15-garden-300x212.png 300w, http:\/\/riddaren24.se\/wp-content\/uploads\/2021\/01\/Moblering-15-garden-1024x724.png 1024w, http:\/\/riddaren24.se\/wp-content\/uploads\/2021\/01\/Moblering-15-garden-768x543.png 768w, http:\/\/riddaren24.se\/wp-content\/uploads\/2021\/01\/Moblering-15-garden-750x530.png 750w\" sizes=\"auto, (max-width: 1191px) 100vw, 1191px\" \/><\/figure>\r\n\r\n\r\n\r\n<p>&#8212;&#8212;&#8212;&#8212;&#8212;&#8212;&#8212;&#8212;&#8212;-<\/p>\r\n\r\n\r\n\r\n<p><em>Uppdatering 201202:<\/em> N\u00e4r vi har en uppdaterad ritning fr\u00e5n arktiekten \u00e4r planen att visa den p\u00e5 n\u00e4stf\u00f6ljande \u00d6ppet hus f\u00f6r att kunna f\u00e5 in synpunkter fr\u00e5n alla boende. Som det ser ut nu tror vi att sj\u00e4lva renoveringen tidigast kommer ig\u00e5ng h\u00f6sten 2021.<\/p>\r\n\r\n\r\n\r\n<p>&#8212;&#8212;&#8212;&#8212;&#8212;&#8212;&#8212;&#8212;&#8212;<\/p>\r\n\r\n\r\n\r\n<p>Vi har insett att det har skapat viss oro n\u00e4r vi s\u00e4ger att 15-g\u00e5rden ska renoveras d\u00e5 m\u00e5nga idag uppskattar g\u00e5rden; i verkligheten \u00e4r det fr\u00e4mst lekplatsytan som kommer f\u00f6r\u00e4ndras och det mesta av v\u00e4xtligheten p\u00e5 g\u00e5rden kommer vara kvar eller bytas ut.<\/p>\r\n\r\n\r\n\r\n<p>Det har uppt\u00e4ckts under projekteringens g\u00e5ng att vissa saker vi fr\u00e5n b\u00f6rjan inte t\u00e4nkt f\u00f6r\u00e4ndra \u00e4r i s\u00e4mre skick \u00e4n vi hoppats p\u00e5 (vilket iofs inte \u00e4r konstigt n\u00e4r inte mycket har gjorts under 40 \u00e5r) vilket kommer att \u00f6ka kostnaderna. Likas\u00e5 beh\u00f6ver vi ta i beaktande att avrinningen beh\u00f6ver \u00e4ndras f\u00f6r att inte orsaka stopp i dagvattenbrunnarna. Bek\u00e4mpning av r\u00e5ttor \u00e4r ocks\u00e5 n\u00e5got vi tittar p\u00e5, det \u00e4r dyrt f\u00f6r f\u00f6reningen n\u00e4r de tar sig in i avloppen och d\u00e4r f\u00f6rst\u00f6r, man kommer inte undan att de finns kring fastigheten men vi beh\u00f6ver titta p\u00e5 hur vi mildrar deras framfart.<\/p>\r\n\r\n\r\n\r\n<p>Ritningarna \u00e4r \u00e4nnu ej slutgiltiga f\u00f6r 15-g\u00e5rden.<\/p>\r\n","protected":false},"excerpt":{"rendered":"<p>Den h\u00e4r sidan inneh\u00e5ller gamla anteckningar f\u00f6r att man ska kunna se historiken, f\u00f6r den senaste informationen, se denna sida. Det finns flera orsaker till att 15-g\u00e5rden beh\u00f6ver upprustas: M\u00f6jlighet att sk\u00f6ta drift utifr\u00e5n underh\u00e5llsplan och upprustade g\u00e5rdar. En l\u00e5ngsiktig l\u00f6sning f\u00f6r att hindra att dagvattenbrunnen s\u00e4tts igen Bortfr\u00e4sandet av almstubben som kommer ge ett &hellip; <\/p>\n<p><a class=\"more-link btn\" href=\"http:\/\/riddaren24.se\/?page_id=5251\">Forts\u00e4tt l\u00e4sa<\/a><\/p>\n","protected":false},"author":13,"featured_media":0,"parent":4590,"menu_order":0,"comment_status":"closed","ping_status":"closed","template":"","meta":{"footnotes":""},"class_list":["post-5251","page","type-page","status-publish","hentry","nodate","item-wrap"],"_links":{"self":[{"href":"http:\/\/riddaren24.se\/index.php?rest_route=\/wp\/v2\/pages\/5251","targetHints":{"allow":["GET"]}}],"collection":[{"href":"http:\/\/riddaren24.se\/index.php?rest_route=\/wp\/v2\/pages"}],"about":[{"href":"http:\/\/riddaren24.se\/index.php?rest_route=\/wp\/v2\/types\/page"}],"author":[{"embeddable":true,"href":"http:\/\/riddaren24.se\/index.php?rest_route=\/wp\/v2\/users\/13"}],"replies":[{"embeddable":true,"href":"http:\/\/riddaren24.se\/index.php?rest_route=%2Fwp%2Fv2%2Fcomments&post=5251"}],"version-history":[{"count":9,"href":"http:\/\/riddaren24.se\/index.php?rest_route=\/wp\/v2\/pages\/5251\/revisions"}],"predecessor-version":[{"id":6161,"href":"http:\/\/riddaren24.se\/index.php?rest_route=\/wp\/v2\/pages\/5251\/revisions\/6161"}],"up":[{"embeddable":true,"href":"http:\/\/riddaren24.se\/index.php?rest_route=\/wp\/v2\/pages\/4590"}],"wp:attachment":[{"href":"http:\/\/riddaren24.se\/index.php?rest_route=%2Fwp%2Fv2%2Fmedia&parent=5251"}],"curies":[{"name":"wp","href":"https:\/\/api.w.org\/{rel}","templated":true}]}}